{"id":1464,"date":"2026-03-12T11:56:58","date_gmt":"2026-03-12T11:56:58","guid":{"rendered":"https:\/\/sindepor.org\/?page_id=1464"},"modified":"2026-03-16T21:39:06","modified_gmt":"2026-03-16T21:39:06","slug":"legislacao","status":"publish","type":"page","link":"https:\/\/sindepor.org\/?page_id=1464","title":{"rendered":"Legisla\u00e7\u00e3o relevante"},"content":{"rendered":"\t\t<div data-elementor-type=\"wp-page\" data-elementor-id=\"1464\" class=\"elementor elementor-1464\" data-elementor-post-type=\"page\">\n\t\t\t\t<div class=\"elementor-element elementor-element-42cada2c e-flex e-con-boxed e-con e-parent\" data-id=\"42cada2c\" data-element_type=\"container\" data-e-type=\"container\">\n\t\t\t\t\t<div class=\"e-con-inner\">\n\t\t\t\t<div class=\"elementor-element elementor-element-15fc547a elementor-widget elementor-widget-heading\" data-id=\"15fc547a\" data-element_type=\"widget\" data-e-type=\"widget\" data-widget_type=\"heading.default\">\n\t\t\t\t\t<h1 class=\"elementor-heading-title elementor-size-default\">Legisla\u00e7\u00e3o relevante<\/h1>\t\t\t\t<\/div>\n\t\t\t\t\t<\/div>\n\t\t\t\t<\/div>\n\t\t<div class=\"elementor-element elementor-element-d82f802 e-flex e-con-boxed e-con e-parent\" data-id=\"d82f802\" data-element_type=\"container\" data-e-type=\"container\">\n\t\t\t\t\t<div class=\"e-con-inner\">\n\t\t\t\t<div class=\"elementor-element elementor-element-27a40e5 elementor-widget elementor-widget-html\" data-id=\"27a40e5\" data-element_type=\"widget\" data-e-type=\"widget\" data-widget_type=\"html.default\">\n\t\t\t\t\t  <h1>Legisla\u00e7\u00e3o relevante para Enfermagem<\/h1>\r\n\r\n  <h2>Legisla\u00e7\u00e3o Enfermagem<\/h2>\r\n  <ul>\r\n    <li>Regulamento do Exerc\u00edcio Profissional dos Enfermeiros \u2013 REPE (<a href=\"https:\/\/dre.pt\/pesquisa\/-\/search\/241640\/details\/maximized\" target=\"_blank\" rel=\"noopener noreferrer\">consulte aqui<\/a>)<\/li>\r\n    <li>Regime Legal da Carreira de Enfermagem (<a href=\"https:\/\/dre.pt\/legislacao-consolidada\/-\/lc\/291\/201704261827\/diploma?rp=indice\" target=\"_blank\" rel=\"noopener noreferrer\">consulte aqui<\/a>)<\/li>\r\n    <li>Regime da Carreira Especial de Enfermagem (<a href=\"https:\/\/dre.pt\/home\/-\/dre\/122403266\/details\/maximized\" target=\"_blank\" rel=\"noopener noreferrer\">consulte aqui<\/a>)<\/li>\r\n    <li>Regime de Trabalho do Pessoal Hospitalar (<a href=\"https:\/\/dre.pt\/home\/-\/dre\/382997\/details\/maximized\" target=\"_blank\" rel=\"noopener noreferrer\">consulte aqui<\/a>)<\/li>\r\n    <li>Regime Legal da Carreira de Enfermagem a Aplicar nas EPE (<a href=\"https:\/\/sindepor.website\/wp-content\/uploads\/2021\/10\/Regime-Legal-da-Carreira-de-Enfermagem-a-Aplicar-nas-EPE.pdf\" target=\"_blank\" rel=\"noopener noreferrer\">consulte aqui<\/a>)<\/li>\r\n    <li>Aplica\u00e7\u00e3o do SIADAP \u00e0 Carreira Especial de Enfermagem (<a href=\"https:\/\/dre.pt\/pesquisa\/-\/search\/670283\/details\/maximized\" target=\"_blank\" rel=\"noopener noreferrer\">consulte aqui<\/a>)<\/li>\r\n  <\/ul>\r\n\r\n  <h2>Legisla\u00e7\u00e3o Laboral<\/h2>\r\n  <ul>\r\n    <li>C\u00f3digo do Trabalho (consulte aqui)<\/li>\r\n    <li>Lei Geral do Trabalho em Fun\u00e7\u00f5es P\u00fablicas (<a href=\"https:\/\/dre.pt\/legislacao-consolidada\/-\/lc\/57466875\/view?w=2019-01-14\" target=\"_blank\" rel=\"noopener noreferrer\">consulte aqui<\/a>)<\/li>\r\n    <li>Contrato Colectivo de Trabalho IPSS (<a href=\"https:\/\/sindepor.website\/wp-content\/uploads\/2021\/10\/Contrato-Coletivo-Trabalho-IPSS-revisto-2016.pdf\" target=\"_blank\" rel=\"noopener noreferrer\">consulte aqui<\/a>)<\/li>\r\n    <li>Lei que estabelece os regimes de vincula\u00e7\u00e3o, de carreiras e de remunera\u00e7\u00f5es... (consulte aqui)<\/li>\r\n    <li>Regulamenta\u00e7\u00e3o do Trabalho (<a href=\"http:\/\/sindepor.org\/regulamentacao-do-trabalho\/\" target=\"_blank\" rel=\"noopener noreferrer\">consulte aqui<\/a>)<\/li>\r\n    <li>Faltas por motivo de falecimento de c\u00f4njuge, parente ou afim (<a href=\"https:\/\/sindepor.website\/wp-content\/uploads\/2021\/10\/FALTAS-POR-MOTIVO-DE-FALECIMENTO-DE-FAMILIAR.pdf\" target=\"_blank\" rel=\"noopener noreferrer\">consulte aqui<\/a>)<\/li>\r\n    <li>Estatuto do Trabalhador Estudante (<a href=\"https:\/\/www.dgaep.gov.pt\/stap\/infoPage.cfm?objid=bdec30dc-1375-45be-8dd2-52274b5fd80d&amp;KeepThis=true&amp;TB_iframe=true&amp;height=580&amp;width=520\" target=\"_blank\" rel=\"noopener noreferrer\">consulte aqui<\/a>)<\/li>\r\n  <\/ul>\r\n\r\n  <h2>Legisla\u00e7\u00e3o Ordem dos Enfermeiros<\/h2>\r\n  <ul>\r\n    <li>Regulamento de Inscri\u00e7\u00e3o, Atribui\u00e7\u00e3o de T\u00edtulos e Emiss\u00e3o de C\u00e9dula Profissional (<a href=\"https:\/\/dre.pt\/home\/-\/dre\/115603190\/details\/maximized\" target=\"_blank\" rel=\"noopener noreferrer\">consulte aqui<\/a>)<\/li>\r\n    <li>Estatuto da Ordem dos Enfermeiros em vigor (<a href=\"https:\/\/dre.pt\/home\/-\/dre\/70309896\/details\/maximized?p_auth=eVIwl6Va\" target=\"_blank\" rel=\"noopener noreferrer\">consulte aqui<\/a>)<\/li>\r\n    <li>Cria\u00e7\u00e3o da Ordem dos Enfermeiros e respetivo Estatuto (consulte aqui)<\/li>\r\n    <li>C\u00f3digo Deontol\u00f3gico do enfermeiro (<a href=\"https:\/\/dre.pt\/home\/-\/dre\/70309896\/details\/maximized?p_auth=eVIwl6Va\" target=\"_blank\" rel=\"noopener noreferrer\">consulte aqui<\/a>)<\/li>\r\n    <li>Incompatibilidades do exerc\u00edcio da profiss\u00e3o de enfermeiro (consulte aqui)<\/li>\r\n    <li>Regulamento de Acredita\u00e7\u00e3o e Credita\u00e7\u00e3o de Actividades Formativas (consulte aqui)<\/li>\r\n    <li>Regulamento das Compet\u00eancias Comuns do Enfermeiro Especialista (consulte aqui)<\/li>\r\n    <li>Compet\u00eancias Espec\u00edficas do Enfermeiro Especialista em Enfermagem Comunit\u00e1ria e de Sa\u00fade P\u00fablica (<a href=\"https:\/\/dre.pt\/pesquisa\/-\/search\/115698616\/details\/normal?l=1\" target=\"_blank\" rel=\"noopener noreferrer\">consulte aqui<\/a>)<\/li>\r\n    <li>Compet\u00eancias Espec\u00edficas do Enfermeiro Especialista em Pessoa em Situa\u00e7\u00e3o Cr\u00edtica (<a href=\"https:\/\/dre.pt\/home\/-\/dre\/115698617\/details\/maximized\" target=\"_blank\" rel=\"noopener noreferrer\">consulte aqui<\/a>)<\/li>\r\n    <li>Compet\u00eancias Espec\u00edficas do Enfermeiro Especialista em Enfermagem de Reabilita\u00e7\u00e3o (<a href=\"https:\/\/dre.pt\/web\/guest\/pesquisa\/-\/search\/122216893\/details\/normal?l=1\" target=\"_blank\" rel=\"noopener noreferrer\">consulte aqui<\/a>)<\/li>\r\n    <li>Compet\u00eancias Espec\u00edficas do Enfermeiro Especialista em Enfermagem de Sa\u00fade da Crian\u00e7a e do Jovem (<a href=\"https:\/\/dre.pt\/pesquisa\/-\/search\/115685379\/details\/normal?l=1\" target=\"_blank\" rel=\"noopener noreferrer\">consulte aqui<\/a>)<\/li>\r\n    <li>Compet\u00eancias Espec\u00edficas do Enfermeiro Especialista em Enfermagem de Sa\u00fade Familiar (<a href=\"https:\/\/dre.pt\/home\/-\/dre\/115698616\/details\/maximized\" target=\"_blank\" rel=\"noopener noreferrer\">consulte aqui<\/a>)<\/li>\r\n    <li>Enquadramento da Actividade do Enfermeiro de Fam\u00edlia (<a href=\"https:\/\/dre.pt\/pesquisa\/-\/search\/55076561\/details\/maximized\" target=\"_blank\" rel=\"noopener noreferrer\">consulte aqui<\/a>)<\/li>\r\n    <li>Compet\u00eancias Espec\u00edficas do Enfermeiro Especialista em Enfermagem de Sa\u00fade Materna, Obst\u00e9trica e Ginecol\u00f3gica (<a href=\"https:\/\/dre.pt\/web\/guest\/pesquisa\/-\/search\/122216892\/details\/normal?l=1\" target=\"_blank\" rel=\"noopener noreferrer\">consulte aqui<\/a>)<\/li>\r\n    <li>Compet\u00eancias Espec\u00edficas do Enfermeiro Especialista em Enfermagem de Sa\u00fade Mental (<a href=\"https:\/\/dre.pt\/home\/-\/dre\/115932570\/details\/maximized\" target=\"_blank\" rel=\"noopener noreferrer\">consulte aqui<\/a>)<\/li>\r\n    <li>Regulamento da Idoneidade Formativa dos Contextos de Pr\u00e1tica Cl\u00ednica (consulte aqui)<\/li>\r\n    <li>Regulamento da Individualiza\u00e7\u00e3o das Especialidades Cl\u00ednicas de Enfermagem (<a href=\"https:\/\/dre.pt\/home\/-\/dre\/1979442\/details\/maximized\" target=\"_blank\" rel=\"noopener noreferrer\">consulte aqui<\/a>)<\/li>\r\n    <li>Regulamento do Perfil de Compet\u00eancias do Enfermeiro de Cuidados Gerais (<a href=\"https:\/\/dre.pt\/home\/-\/dre\/67058782\/details\/5\/maximized?dreId=67059992&amp;serie=II\" target=\"_blank\" rel=\"noopener noreferrer\">consulte aqui<\/a>)<\/li>\r\n    <li>Norma para o C\u00e1lculo de Dota\u00e7\u00f5es Seguras dos Cuidados de Enfermagem (<a href=\"https:\/\/dre.pt\/home\/-\/dre\/124981040\/details\/maximized\" target=\"_blank\" rel=\"noopener noreferrer\">consulte aqui<\/a>)<\/li>\r\n    <li>Regulamento Geral das \u00c1reas de Compet\u00eancia Acrescida (<a href=\"https:\/\/dre.pt\/pesquisa\/-\/search\/108317775\/details\/normal?l=1\" target=\"_blank\" rel=\"noopener noreferrer\">consulte aqui<\/a>)<\/li>\r\n    <li>Regulamento de Certifica\u00e7\u00e3o Individual de Compet\u00eancias (<a href=\"https:\/\/dre.pt\/home\/-\/dre\/108315074\/details\/maximized\" target=\"_blank\" rel=\"noopener noreferrer\">consulte aqui<\/a>)<\/li>\r\n    <li>Regulamento do Exerc\u00edcio do Direito \u00e0 Objec\u00e7\u00e3o de Consci\u00eancia (consulte aqui)<\/li>\r\n  <\/ul>\r\n\r\n  <h2>Legisla\u00e7\u00e3o Forma\u00e7\u00e3o em Enfermagem<\/h2>\r\n  <ul>\r\n    <li>Directiva 2005\/36\/CE... relativa ao reconhecimento das qualifica\u00e7\u00f5es profissionais (consulte aqui)<\/li>\r\n    <li>Regulamento Geral do Curso de Licenciatura em Enfermagem (consulte aqui)<\/li>\r\n    <li>Regulamento Geral dos Cursos de P\u00f3s-Licenciatura de Especializa\u00e7\u00e3o em Enfermagem (<a href=\"https:\/\/dre.pt\/pesquisa\/-\/search\/265299\/details\/maximized\" target=\"_blank\" rel=\"noopener noreferrer\">consulte aqui<\/a>)<\/li>\r\n  <\/ul>\r\n\r\n  <h2>Legisla\u00e7\u00e3o Sa\u00fade<\/h2>\r\n  <ul>\r\n    <li>Agrupamentos de Centros de Sa\u00fades (ACES) (<a href=\"https:\/\/dre.pt\/home\/-\/dre\/70686133\/details\/maximized\" target=\"_blank\" rel=\"noopener noreferrer\">consulte aqui<\/a>)<\/li>\r\n    <li>Regime Jur\u00eddico da organiza\u00e7\u00e3o e do funcionamento das Unidades de Sa\u00fade Familiar (USF) (<a href=\"https:\/\/dre.pt\/web\/guest\/legislacao-consolidada\/-\/lc\/107546128\/view?p_p_state=maximized\" target=\"_blank\" rel=\"noopener noreferrer\">consulte aqui<\/a>)<\/li>\r\n    <li>Cria\u00e7\u00e3o da Rede Nacional de Cuidados Continuados Integrados (<a href=\"https:\/\/dre.pt\/web\/guest\/legislacao-consolidada\/-\/lc\/69895072\/view?q=Rede+Nacional+de+Cuidados+Continuados+Integrados\" target=\"_blank\" rel=\"noopener noreferrer\">consulte aqui<\/a>)<\/li>\r\n    <li>Regime das Associa\u00e7\u00f5es P\u00fablicas Profissionais (<a href=\"https:\/\/dre.pt\/web\/guest\/pesquisa\/-\/search\/588802\/details\/normal\" target=\"_blank\" rel=\"noopener noreferrer\">consulte aqui<\/a>)<\/li>\r\n    <li>Carta dos Direitos do Doente Internado (<a href=\"https:\/\/www.ordemenfermeiros.pt\/arquivo\/legislacao\/Documents\/LegislacaoSaude\/Carta_Direitos_Doente_Internado.pdf\" target=\"_blank\" rel=\"noopener noreferrer\">consulte aqui<\/a>)<\/li>\r\n    <li>Conven\u00e7\u00e3o para a Protec\u00e7\u00e3o dos Direitos do Homem e da Dignidade do Ser Humano... (<a href=\"https:\/\/dre.pt\/pesquisa\/-\/search\/235128\/details\/maximized\" target=\"_blank\" rel=\"noopener noreferrer\">consulte aqui<\/a>)<\/li>\r\n    <li>Declara\u00e7\u00e3o Universal dos Direitos Humanos e da Bio\u00e9tica (<a href=\"http:\/\/bvsms.saude.gov.br\/bvs\/publicacoes\/declaracao_univ_bioetica_dir_hum.pdf\" target=\"_blank\" rel=\"noopener noreferrer\">consulte aqui<\/a>)<\/li>\r\n    <li>Carta dos Direitos de Acesso aos Cuidados de Sa\u00fade pelos Utentes do SNS (consulte aqui)<\/li>\r\n  <\/ul>\r\n\r\n  <h2>Outras<\/h2>\r\n  <ul>\r\n    <li>Requerimento 35 horas (<a href=\"https:\/\/sindepor.website\/wp-content\/uploads\/2022\/06\/Requerimento-35-horas.pdf\" target=\"_blank\" rel=\"noopener noreferrer\">consulte aqui<\/a>)<\/li>\r\n    <li>Escusa de responsabilidade (<a href=\"https:\/\/sindepor.website\/wp-content\/uploads\/2021\/11\/Minuta-escusa-de-responsabilidade.pdf\" target=\"_blank\" rel=\"noopener noreferrer\">consulte aqui<\/a>)<\/li>\r\n    <li>Declara\u00e7\u00e3o Universal dos Direitos Humanos (<a href=\"https:\/\/dre.pt\/declaracao-universal-dos-direitos-humanos\" target=\"_blank\" rel=\"noopener noreferrer\">consulte aqui<\/a>)<\/li>\r\n    <li>Constitui\u00e7\u00e3o da Rep\u00fablica Portuguesa (<a href=\"https:\/\/dre.pt\/legislacao-consolidada\/-\/lc\/34520775\/view\" target=\"_blank\" rel=\"noopener noreferrer\">consulte aqui<\/a>)<\/li>\r\n    <li>Tratado de Lisboa (<a href=\"https:\/\/www.europarl.europa.eu\/about-parliament\/pt\/powers-and-procedures\/the-lisbon-treaty\" target=\"_blank\" rel=\"noopener noreferrer\">consulte aqui<\/a>)<\/li>\r\n  <\/ul>\r\n\t\t\t\t<\/div>\n\t\t\t\t\t<\/div>\n\t\t\t\t<\/div>\n\t\t\t\t<\/div>\n\t\t","protected":false},"excerpt":{"rendered":"<p>Legisla\u00e7\u00e3o relevante Legisla\u00e7\u00e3o relevante para Enfermagem Legisla\u00e7\u00e3o Enfermagem Regulamento do Exerc\u00edcio Profissional dos Enfermeiros \u2013 REPE (consulte aqui) Regime Legal da Carreira de Enfermagem (consulte aqui) Regime da Carreira Especial de Enfermagem (consulte aqui) Regime de Trabalho do Pessoal Hospitalar (consulte aqui) Regime Legal da Carreira de Enfermagem a Aplicar nas EPE (consulte aqui) Aplica\u00e7\u00e3o [&hellip;]<\/p>\n","protected":false},"author":1,"featured_media":0,"parent":0,"menu_order":0,"comment_status":"closed","ping_status":"closed","template":"","meta":{"footnotes":""},"class_list":["post-1464","page","type-page","status-publish","hentry"],"_links":{"self":[{"href":"https:\/\/sindepor.org\/index.php?rest_route=\/wp\/v2\/pages\/1464","targetHints":{"allow":["GET"]}}],"collection":[{"href":"https:\/\/sindepor.org\/index.php?rest_route=\/wp\/v2\/pages"}],"about":[{"href":"https:\/\/sindepor.org\/index.php?rest_route=\/wp\/v2\/types\/page"}],"author":[{"embeddable":true,"href":"https:\/\/sindepor.org\/index.php?rest_route=\/wp\/v2\/users\/1"}],"replies":[{"embeddable":true,"href":"https:\/\/sindepor.org\/index.php?rest_route=%2Fwp%2Fv2%2Fcomments&post=1464"}],"version-history":[{"count":23,"href":"https:\/\/sindepor.org\/index.php?rest_route=\/wp\/v2\/pages\/1464\/revisions"}],"predecessor-version":[{"id":2196,"href":"https:\/\/sindepor.org\/index.php?rest_route=\/wp\/v2\/pages\/1464\/revisions\/2196"}],"wp:attachment":[{"href":"https:\/\/sindepor.org\/index.php?rest_route=%2Fwp%2Fv2%2Fmedia&parent=1464"}],"curies":[{"name":"wp","href":"https:\/\/api.w.org\/{rel}","templated":true}]}}